{"id":1314,"date":"2024-10-01T08:36:13","date_gmt":"2024-10-01T08:36:13","guid":{"rendered":"https:\/\/devel.odylsa.es\/?post_type=productes-i-serveis&#038;p=1314"},"modified":"2025-05-26T14:26:28","modified_gmt":"2025-05-26T12:26:28","slug":"qualitat-de-laire-interior-dels-edificis","status":"publish","type":"productes-i-serveis","link":"https:\/\/www.odylsa.es\/ca\/productes-i-serveis\/qualitat-de-laire-interior-dels-edificis\/","title":{"rendered":"Qualitat de l\u2019aire interior dels edificis"},"content":{"rendered":"<p>L\u2019abril de 2013 es va aprovar l\u2019 RD238\/2013 que modificava el RITE (Reglament d\u2019 Instal\u00b7lacions T\u00e8rmiques dels Edificis) RD1027\/2007. Entre altres canvis, s\u2019estableix l\u2019obligatorietat de realitzar inspeccions de qualitat de l\u2019aire interior en edificis segons les normes UNE 100012 y UNE 17133.<\/p>\n<p>&nbsp;<\/p>\n<p>Des de la publicaci\u00f3 d\u2019aquest decret, els titulars dels edificis i les empreses usu\u00e0ries, tant propiet\u00e0ries com en lloguer de les oficines, estan obligades a realitzar aquestes inspeccions amb car\u00e0cter anual.<\/p>\n<p>&nbsp;<\/p>\n<p>A\u00a0ODYL, S.A., disposem de personal i equips acreditats per a la realitzaci\u00f3 d\u2019estudis de qualitat ambiental i auditories de qualitat d\u2019aire interior en edificis.<\/p>\n<p>&nbsp;<\/p>\n<p>La inspecci\u00f3 de qualitat d\u2019aire interior es basa en dues normes UNE:<\/p>\n<p>&nbsp;<\/p>\n<p>QUALITAT DE L\u2019AIRE SEGONS UNE 100012<\/p>\n<p>&nbsp;<\/p>\n<p>Com a qualitat acceptable de l\u2019aire es defineix l\u2019aire que no cont\u00e9 subst\u00e0ncies contaminants en quantitats que resultin nocives per a la salut, i amb una qualitat satisfact\u00f2ria per al 80% de les persones exposades.<\/p>\n<p>&nbsp;<\/p>\n<p>El sistema de ventilaci\u00f3 no ha de contribuir a la producci\u00f3, amplificaci\u00f3 i distribuci\u00f3 de contaminants, per aix\u00f2 \u00e9s de gran import\u00e0ncia realitzar un bon servei de manteniment i control del funcionament regular i un seguiment de les condicions higi\u00e8niques.<\/p>\n<p>&nbsp;<\/p>\n<p>Per avaluar la qualitat de l\u2019aire en les seves instal\u00b7lacions, i seguint les especificacions de la Norma UNE 100012:2005, els par\u00e0metres a mesurar s\u00f3n:<\/p>\n<ul>\n<li>Presa de mostres per al control ambiental: en un nombre de punts representatiu de les dimensions i caracter\u00edstiques de les instal\u00b7lacions, amb un sistema de mostreig SAS Super 90. El volum d\u2019aire recollit s\u2019impacta sobre una placa de Rodac de 55 mm damunt la qual es fixen els microorganismes, per a un posterior cultiu de bact\u00e8ries Mes\u00f2files i fongs<\/li>\n<li>Presa de mostres per al control de superf\u00edcies: mitjan\u00e7ant l\u2019\u00fas de plaques Rodac de contacte, s\u2019analitzen diferents punts de les unitats d \u2018aire i circuit de refrigeraci\u00f3. Es determinaran els par\u00e0metres bact\u00e8ries Mes\u00f2files i fongs<\/li>\n<li>Es realitzaran tamb\u00e9 mesures de part\u00edcules en superf\u00edcie, una inspecci\u00f3 visual i un estudi fotogr\u00e0fic de les parts accessibles de la instal\u00b7laci\u00f3<\/li>\n<\/ul>\n<p>&nbsp;<\/p>\n<p>QUALITAT DE L\u2019AIRE INTERIOR SEGONS UNE 171330-2<\/p>\n<p>&nbsp;<\/p>\n<p>L\u2019ambient t\u00e8rmic es defineix per aquelles caracter\u00edstiques que condicionen els intercanvis t\u00e8rmics del cos hum\u00e0 amb l\u2019ambient, en funci\u00f3 de l\u2019activitat de la persona i de l\u2019a\u00efllament t\u00e8rmic de la seva vestimenta, i que afecten la sensaci\u00f3 de benestar dels ocupants.<\/p>\n<p>&nbsp;<\/p>\n<p>Per a avaluar la qualitat de l\u2019aire interior es realitzen mesures en punts representatius de les instal\u00b7lacions, per tal de garantir el correcte compliment dels valors m\u00e0xims admissibles segons la Norma UNE-EN 13779.<\/p>\n<p>&nbsp;<\/p>\n<p>A banda del control ambiental que indica la norma UNE 100012 es realitzar\u00e0 el control del comfort t\u00e8rmic.<\/p>\n<p>&nbsp;<\/p>\n<p>Els par\u00e0metres m\u00ednims a mesurar seran: concentraci\u00f3 de CO, concentraci\u00f3 de CO2, temperatura, humitat relativa, part\u00edcules en suspensi\u00f3 i recompte segons UNE 171330-2.<\/p>\n<p>&nbsp;<\/p>\n<p>Les mesures i tr\u00e0mit de l\u2019informe de qualitat d\u2019aire ambiental s\u2019han de realitzar per personal acreditat com a T\u00e8cnics en Qualitat d\u2019Aire Interior (TMCAI y TSCAI), tal com indiquen les normes anteriors.<\/p>\n<p>&nbsp;<\/p>\n<p>Si qualsevol dels par\u00e0metres mesurats en aire dona resultats fora dels valors recomanats, en l\u2019informe s\u2019indicaran les mesures a prendre per a la seva correcci\u00f3 i\/o higienitzaci\u00f3.<\/p>\n","protected":false},"featured_media":1315,"template":"","meta":{"_acf_changed":false},"class_list":["post-1314","productes-i-serveis","type-productes-i-serveis","status-publish","has-post-thumbnail","hentry"],"acf":[],"yoast_head":"<!-- This site is optimized with the Yoast SEO plugin v27.1.1 - https:\/\/yoast.com\/product\/yoast-seo-wordpress\/ -->\n<title>Qualitat de l\u2019aire interior dels edificis - Odylsa<\/title>\n<meta name=\"robots\" content=\"index, follow, max-snippet:-1, max-image-preview:large, max-video-preview:-1\" \/>\n<link rel=\"canonical\" href=\"https:\/\/www.odylsa.es\/ca\/productes-i-serveis\/qualitat-de-laire-interior-dels-edificis\/\" \/>\n<meta property=\"og:locale\" content=\"ca_ES\" \/>\n<meta property=\"og:type\" content=\"article\" \/>\n<meta property=\"og:title\" content=\"Qualitat de l\u2019aire interior dels edificis - Odylsa\" \/>\n<meta property=\"og:description\" content=\"L\u2019abril de 2013 es va aprovar l\u2019 RD238\/2013 que modificava el RITE (Reglament d\u2019 Instal\u00b7lacions T\u00e8rmiques dels Edificis) RD1027\/2007. Entre altres canvis, s\u2019estableix l\u2019obligatorietat de realitzar inspeccions de qualitat de l\u2019aire interior en edificis segons les normes UNE 100012 y UNE 17133. &nbsp; Des de la publicaci\u00f3 d\u2019aquest decret, els titulars dels edificis i les [&hellip;]\" \/>\n<meta property=\"og:url\" content=\"https:\/\/www.odylsa.es\/ca\/productes-i-serveis\/qualitat-de-laire-interior-dels-edificis\/\" \/>\n<meta property=\"og:site_name\" content=\"Odylsa\" \/>\n<meta property=\"article:modified_time\" content=\"2025-05-26T12:26:28+00:00\" \/>\n<meta property=\"og:image\" content=\"https:\/\/www.odylsa.es\/wp-content\/uploads\/2024\/10\/calidad_aire-85.jpg\" \/>\n\t<meta property=\"og:image:width\" content=\"1200\" \/>\n\t<meta property=\"og:image:height\" content=\"350\" \/>\n\t<meta property=\"og:image:type\" content=\"image\/jpeg\" \/>\n<meta name=\"twitter:card\" content=\"summary_large_image\" \/>\n<meta name=\"twitter:label1\" content=\"Temps estimat de lectura\" \/>\n\t<meta name=\"twitter:data1\" content=\"3 minuts\" \/>\n<script type=\"application\/ld+json\" class=\"yoast-schema-graph\">{\"@context\":\"https:\/\/schema.org\",\"@graph\":[{\"@type\":\"WebPage\",\"@id\":\"https:\/\/www.odylsa.es\/ca\/productes-i-serveis\/qualitat-de-laire-interior-dels-edificis\/\",\"url\":\"https:\/\/www.odylsa.es\/ca\/productes-i-serveis\/qualitat-de-laire-interior-dels-edificis\/\",\"name\":\"Qualitat de l\u2019aire interior dels edificis - Odylsa\",\"isPartOf\":{\"@id\":\"https:\/\/www.odylsa.es\/#website\"},\"primaryImageOfPage\":{\"@id\":\"https:\/\/www.odylsa.es\/ca\/productes-i-serveis\/qualitat-de-laire-interior-dels-edificis\/#primaryimage\"},\"image\":{\"@id\":\"https:\/\/www.odylsa.es\/ca\/productes-i-serveis\/qualitat-de-laire-interior-dels-edificis\/#primaryimage\"},\"thumbnailUrl\":\"https:\/\/www.odylsa.es\/wp-content\/uploads\/2024\/10\/calidad_aire-85.jpg\",\"datePublished\":\"2024-10-01T08:36:13+00:00\",\"dateModified\":\"2025-05-26T12:26:28+00:00\",\"breadcrumb\":{\"@id\":\"https:\/\/www.odylsa.es\/ca\/productes-i-serveis\/qualitat-de-laire-interior-dels-edificis\/#breadcrumb\"},\"inLanguage\":\"ca\",\"potentialAction\":[{\"@type\":\"ReadAction\",\"target\":[\"https:\/\/www.odylsa.es\/ca\/productes-i-serveis\/qualitat-de-laire-interior-dels-edificis\/\"]}]},{\"@type\":\"ImageObject\",\"inLanguage\":\"ca\",\"@id\":\"https:\/\/www.odylsa.es\/ca\/productes-i-serveis\/qualitat-de-laire-interior-dels-edificis\/#primaryimage\",\"url\":\"https:\/\/www.odylsa.es\/wp-content\/uploads\/2024\/10\/calidad_aire-85.jpg\",\"contentUrl\":\"https:\/\/www.odylsa.es\/wp-content\/uploads\/2024\/10\/calidad_aire-85.jpg\",\"width\":1200,\"height\":350},{\"@type\":\"BreadcrumbList\",\"@id\":\"https:\/\/www.odylsa.es\/ca\/productes-i-serveis\/qualitat-de-laire-interior-dels-edificis\/#breadcrumb\",\"itemListElement\":[{\"@type\":\"ListItem\",\"position\":1,\"name\":\"Portada\",\"item\":\"https:\/\/www.odylsa.es\/ca\/\"},{\"@type\":\"ListItem\",\"position\":2,\"name\":\"Qualitat de l\u2019aire interior dels edificis\"}]},{\"@type\":\"WebSite\",\"@id\":\"https:\/\/www.odylsa.es\/#website\",\"url\":\"https:\/\/www.odylsa.es\/\",\"name\":\"Odylsa\",\"description\":\"\",\"publisher\":{\"@id\":\"https:\/\/www.odylsa.es\/#organization\"},\"potentialAction\":[{\"@type\":\"SearchAction\",\"target\":{\"@type\":\"EntryPoint\",\"urlTemplate\":\"https:\/\/www.odylsa.es\/?s={search_term_string}\"},\"query-input\":{\"@type\":\"PropertyValueSpecification\",\"valueRequired\":true,\"valueName\":\"search_term_string\"}}],\"inLanguage\":\"ca\"},{\"@type\":\"Organization\",\"@id\":\"https:\/\/www.odylsa.es\/#organization\",\"name\":\"Odylsa\",\"url\":\"https:\/\/www.odylsa.es\/\",\"logo\":{\"@type\":\"ImageObject\",\"inLanguage\":\"ca\",\"@id\":\"https:\/\/www.odylsa.es\/#\/schema\/logo\/image\/\",\"url\":\"https:\/\/www.odylsa.es\/wp-content\/uploads\/2024\/09\/LOGO_ODYLSA-1.svg\",\"contentUrl\":\"https:\/\/www.odylsa.es\/wp-content\/uploads\/2024\/09\/LOGO_ODYLSA-1.svg\",\"width\":179,\"height\":89,\"caption\":\"Odylsa\"},\"image\":{\"@id\":\"https:\/\/www.odylsa.es\/#\/schema\/logo\/image\/\"}}]}<\/script>\n<!-- \/ Yoast SEO plugin. -->","yoast_head_json":{"title":"Qualitat de l\u2019aire interior dels edificis - Odylsa","robots":{"index":"index","follow":"follow","max-snippet":"max-snippet:-1","max-image-preview":"max-image-preview:large","max-video-preview":"max-video-preview:-1"},"canonical":"https:\/\/www.odylsa.es\/ca\/productes-i-serveis\/qualitat-de-laire-interior-dels-edificis\/","og_locale":"ca_ES","og_type":"article","og_title":"Qualitat de l\u2019aire interior dels edificis - Odylsa","og_description":"L\u2019abril de 2013 es va aprovar l\u2019 RD238\/2013 que modificava el RITE (Reglament d\u2019 Instal\u00b7lacions T\u00e8rmiques dels Edificis) RD1027\/2007. Entre altres canvis, s\u2019estableix l\u2019obligatorietat de realitzar inspeccions de qualitat de l\u2019aire interior en edificis segons les normes UNE 100012 y UNE 17133. &nbsp; Des de la publicaci\u00f3 d\u2019aquest decret, els titulars dels edificis i les [&hellip;]","og_url":"https:\/\/www.odylsa.es\/ca\/productes-i-serveis\/qualitat-de-laire-interior-dels-edificis\/","og_site_name":"Odylsa","article_modified_time":"2025-05-26T12:26:28+00:00","og_image":[{"width":1200,"height":350,"url":"https:\/\/www.odylsa.es\/wp-content\/uploads\/2024\/10\/calidad_aire-85.jpg","type":"image\/jpeg"}],"twitter_card":"summary_large_image","twitter_misc":{"Temps estimat de lectura":"3 minuts"},"schema":{"@context":"https:\/\/schema.org","@graph":[{"@type":"WebPage","@id":"https:\/\/www.odylsa.es\/ca\/productes-i-serveis\/qualitat-de-laire-interior-dels-edificis\/","url":"https:\/\/www.odylsa.es\/ca\/productes-i-serveis\/qualitat-de-laire-interior-dels-edificis\/","name":"Qualitat de l\u2019aire interior dels edificis - Odylsa","isPartOf":{"@id":"https:\/\/www.odylsa.es\/#website"},"primaryImageOfPage":{"@id":"https:\/\/www.odylsa.es\/ca\/productes-i-serveis\/qualitat-de-laire-interior-dels-edificis\/#primaryimage"},"image":{"@id":"https:\/\/www.odylsa.es\/ca\/productes-i-serveis\/qualitat-de-laire-interior-dels-edificis\/#primaryimage"},"thumbnailUrl":"https:\/\/www.odylsa.es\/wp-content\/uploads\/2024\/10\/calidad_aire-85.jpg","datePublished":"2024-10-01T08:36:13+00:00","dateModified":"2025-05-26T12:26:28+00:00","breadcrumb":{"@id":"https:\/\/www.odylsa.es\/ca\/productes-i-serveis\/qualitat-de-laire-interior-dels-edificis\/#breadcrumb"},"inLanguage":"ca","potentialAction":[{"@type":"ReadAction","target":["https:\/\/www.odylsa.es\/ca\/productes-i-serveis\/qualitat-de-laire-interior-dels-edificis\/"]}]},{"@type":"ImageObject","inLanguage":"ca","@id":"https:\/\/www.odylsa.es\/ca\/productes-i-serveis\/qualitat-de-laire-interior-dels-edificis\/#primaryimage","url":"https:\/\/www.odylsa.es\/wp-content\/uploads\/2024\/10\/calidad_aire-85.jpg","contentUrl":"https:\/\/www.odylsa.es\/wp-content\/uploads\/2024\/10\/calidad_aire-85.jpg","width":1200,"height":350},{"@type":"BreadcrumbList","@id":"https:\/\/www.odylsa.es\/ca\/productes-i-serveis\/qualitat-de-laire-interior-dels-edificis\/#breadcrumb","itemListElement":[{"@type":"ListItem","position":1,"name":"Portada","item":"https:\/\/www.odylsa.es\/ca\/"},{"@type":"ListItem","position":2,"name":"Qualitat de l\u2019aire interior dels edificis"}]},{"@type":"WebSite","@id":"https:\/\/www.odylsa.es\/#website","url":"https:\/\/www.odylsa.es\/","name":"Odylsa","description":"","publisher":{"@id":"https:\/\/www.odylsa.es\/#organization"},"potentialAction":[{"@type":"SearchAction","target":{"@type":"EntryPoint","urlTemplate":"https:\/\/www.odylsa.es\/?s={search_term_string}"},"query-input":{"@type":"PropertyValueSpecification","valueRequired":true,"valueName":"search_term_string"}}],"inLanguage":"ca"},{"@type":"Organization","@id":"https:\/\/www.odylsa.es\/#organization","name":"Odylsa","url":"https:\/\/www.odylsa.es\/","logo":{"@type":"ImageObject","inLanguage":"ca","@id":"https:\/\/www.odylsa.es\/#\/schema\/logo\/image\/","url":"https:\/\/www.odylsa.es\/wp-content\/uploads\/2024\/09\/LOGO_ODYLSA-1.svg","contentUrl":"https:\/\/www.odylsa.es\/wp-content\/uploads\/2024\/09\/LOGO_ODYLSA-1.svg","width":179,"height":89,"caption":"Odylsa"},"image":{"@id":"https:\/\/www.odylsa.es\/#\/schema\/logo\/image\/"}}]}},"_links":{"self":[{"href":"https:\/\/www.odylsa.es\/ca\/wp-json\/wp\/v2\/productes-i-serveis\/1314","targetHints":{"allow":["GET"]}}],"collection":[{"href":"https:\/\/www.odylsa.es\/ca\/wp-json\/wp\/v2\/productes-i-serveis"}],"about":[{"href":"https:\/\/www.odylsa.es\/ca\/wp-json\/wp\/v2\/types\/productes-i-serveis"}],"version-history":[{"count":6,"href":"https:\/\/www.odylsa.es\/ca\/wp-json\/wp\/v2\/productes-i-serveis\/1314\/revisions"}],"predecessor-version":[{"id":3690,"href":"https:\/\/www.odylsa.es\/ca\/wp-json\/wp\/v2\/productes-i-serveis\/1314\/revisions\/3690"}],"wp:featuredmedia":[{"embeddable":true,"href":"https:\/\/www.odylsa.es\/ca\/wp-json\/wp\/v2\/media\/1315"}],"wp:attachment":[{"href":"https:\/\/www.odylsa.es\/ca\/wp-json\/wp\/v2\/media?parent=1314"}],"curies":[{"name":"wp","href":"https:\/\/api.w.org\/{rel}","templated":true}]}}