{"id":120,"date":"2024-09-23T18:22:02","date_gmt":"2024-09-23T18:22:02","guid":{"rendered":"https:\/\/devel.odylsa.es\/?page_id=120"},"modified":"2024-10-01T19:20:50","modified_gmt":"2024-10-01T19:20:50","slug":"avis-legal","status":"publish","type":"page","link":"https:\/\/www.odylsa.es\/ca\/avis-legal\/","title":{"rendered":"Av\u00eds Legal"},"content":{"rendered":"\t\t<div data-elementor-type=\"wp-page\" data-elementor-id=\"120\" class=\"elementor elementor-120\" data-elementor-post-type=\"page\">\n\t\t\t\t<div class=\"elementor-element elementor-element-5a16fb5c e-flex e-con-boxed e-con e-parent\" data-id=\"5a16fb5c\" data-element_type=\"container\" data-e-type=\"container\">\n\t\t\t\t\t<div class=\"e-con-inner\">\n\t\t\t\t<div class=\"elementor-element elementor-element-37945608 elementor-widget elementor-widget-text-editor\" data-id=\"37945608\" data-element_type=\"widget\" data-e-type=\"widget\" data-widget_type=\"text-editor.default\">\n\t\t\t\t<div class=\"elementor-widget-container\">\n\t\t\t\t\t\t\t\t\t<p><\/p>\n<h4>1. DADES DE L&#8217;EMPRESA<\/h4>\n<p>En compliment de larticle 10 de la Llei 34\/2002, de 11 de juliol, de Serveis de la Societat de la Informaci\u00f3 i Comer\u00e7 Electr\u00f2nic, a continuaci\u00f3 sexposen les dades identificatives de lempresa.<br \/>NOM: www.odylsa.es<br \/>DENOMINACI\u00d3 SOCIAL: ODYL, S.A.<br \/>NIF\/CIF: A-08264053<br \/>DOMICILI SOCIAL: P.I. Can Bernades-Subir\u00e0 , c\/ Maresme, 19 \u2013 08130 Santa Perp\u00e8tua de Mogoda<br \/>TEL\u00c8FON: 93 574 30 07<br \/>ADRE\u00c7A DE CORREU ELECTR\u00d2NIC: odyl@odylsa.es<\/p>\n<h4>2. DADES D&#8217;INSCRIPCI\u00d3 AL REGISTRE MERCANTIL<\/h4>\n<p>ODYL, S.A. domiciliada a Santa Perp\u00e8tua de Mogoda, constitu\u00efda per temps indefinit en escriptura atorgada a Barcelona, el 2 d&#8217;abril de 1971, per escriptura p\u00fablica, davant del notari Sr. Roberto Follia Camps, inscrita al registre mercantil de Barcelona, Tom 1920, secci\u00f3 2a , Foli 21, Fulla n\u00ba18265, Inscripci\u00f3 1\u00aa.<\/p>\n<h4>3. PROPIETAT INTEL\u00b7LECTUAL<\/h4>\n<p>El codi font, els dissenys gr\u00e0fics, les imatges, les fotografies, els sons, les animacions, el programari, els textos, aix\u00ed com la informaci\u00f3 i els continguts que es recullen a www.odylsa.es, estan protegits per la legislaci\u00f3 espanyola sobre els drets de propietat intel\u00b7lectual i industrial a favor d&#8217;ODYL, S.A. i no es permet la reproducci\u00f3 i\/o publicaci\u00f3, total o parcial, del lloc web, ni el tractament inform\u00e0tic, la distribuci\u00f3, la difusi\u00f3, ni la modificaci\u00f3, transformaci\u00f3 o descompilaci\u00f3, ni altres drets reconeguts legalment al titular, sense el perm\u00eds previ i per escrit del mateix, ODYL, S.A. L&#8217;usuari, \u00fanica i exclusivament, pot utilitzar el material que aparegui en aquest lloc web per al seu \u00fas personal i privat, quedant-ne prohibit l&#8217;\u00fas amb finalitats comercials o per inc\u00f3rrer en activitats il\u00b7l\u00edcites. Tots els drets derivats de la propietat intel\u00b7lectual estan expressament reservats per ODYL, S.A. ODYL, S.A. vetllar\u00e0 pel compliment de les condicions anteriors com per la utilitzaci\u00f3 deguda dels continguts presentats a les seves p\u00e0gines web, exercitant totes les accions civils i penals que li corresponguin en el cas d&#8217;infracci\u00f3 o incompliment d&#8217;aquests drets per part de l&#8217;usuari.<\/p>\n<h4>4. PROTECCI\u00d3 DE DADES DE CAR\u00c0CTER PERSONAL<\/h4>\n<p>Per a nosaltres \u00e9s molt important el respecte de la seva privadesa i la protecci\u00f3 de les seves dades personals, per aix\u00f2 volem comunicar-li la manera com ODYL S.A. utilitza i emmagatzema les dades personals que recull a trav\u00e9s de la p\u00e0gina web. Si tingu\u00e9ssiu algun dubte o aclariment, no dubteu a contactar-nos enviant un correu electr\u00f2nic a l&#8217;adre\u00e7a indicada.<\/p>\n<p><b>Com recollim les vostres dades?<br \/><\/b>La informaci\u00f3 personal que sol\u00b7licitem \u00e9s aquella proporcionada de vost\u00e8 en sol\u00b7licitar informaci\u00f3 o real\u00e7ar alguna consulta<\/p>\n<p><b>Quines dades personals tractem?<br \/><\/b>Depenent de la interacci\u00f3 entre Ud. i ODYL S.A. a trav\u00e9s del lloc web, les dades poden ser:<br \/>Dades d&#8217;identificaci\u00f3 (nom, tel\u00e8fon, correu electr\u00f2nic)<br \/>Dades comercials (c\u00e0rrec, empresa)<\/p>\n<p><b>Quin \u00fas donem a les vostres dades personals?<br \/><\/b>Nom\u00e9s utilitzarem les dades personals proporcionades per vost\u00e8 per assolir la finalitat per a la qual hagin estat recollides, a saber:<br \/>Execuci\u00f3 d&#8217;una operaci\u00f3 comercial (contracte de compravenda i mesures precontractuals, com ara la sol\u00b7licitud de pressupostos comercials)<br \/>Mantenir la relaci\u00f3 comercial amb els seus clients i comunicar-los novetats en l&#8217;oferta de b\u00e9ns, basant-se en un inter\u00e8s leg\u00edtim d&#8217;ODYL S.A.<br \/>Informar clients potencials sobre les novetats comercials que disposi \u2013productes, serveis, not\u00edcies del sector o esdeveniments organitzats per l&#8217;empresa\u2013, basant-se en un inter\u00e8s d&#8217;ODYL S.A. i sempre que el receptor aix\u00ed ho hagu\u00e9s consentit. En qualsevol moment podeu deixar de rebre aquests correus electr\u00f2nics seguint el procediment de baixa incl\u00f2s en cada enviament. \u00c9s important subratllar que ODYL S.A. no compartir\u00e0 les vostres dades personals amb tercers \u2013va salvar disposici\u00f3 legal o jurisdiccional\u2013. A ODYL S.A. conservem les vostres dades mentre hi hagi una relaci\u00f3 amb nosaltres, llevat que es reitri el consentiment per al tractament de les vostres dades. Tamb\u00e9 conservem les dades personals durant el temps necessari d&#8217;acord amb les disposicions legals en mat\u00e8ria fiscal i mercantil, tenint en compte els terminis per a la prescripci\u00f3 de responsabilitats.<\/p>\n<p><b>Quins drets t\u00e9 com a titular de les dades personals?<br \/><\/b>Si us plau, tingui present que, en qualsevol moment que ho desitgi, pot retirar el consentiment atorgat per al tractament de les seves dades i, si ho considera pertinent, pot exercir els seus drets d&#8217;acc\u00e9s, rectificaci\u00f3, supressi\u00f3, oposici\u00f3, limitaci\u00f3 i portabilitat, dirigint-ne una comunicaci\u00f3 al correu electr\u00f2nic pr\u00e8viament indicat, adjuntant una c\u00f2pia del vostre DNI o un altre document v\u00e0lid d&#8217;identificaci\u00f3, indicant a l&#8217;assumpte \u00abprotecci\u00f3 de dades\u00bb. Finalment, recordeu que si considereu que el tractament que fem de les vostres dades vulnera algun dels vostres drets pot presentar una reclamaci\u00f3 davant l&#8217;autoritat de control competent.<\/p>\n<div class=\"container\">\n<div class=\"row\">\n<div class=\"col-12\"><strong>Aviso para usuarios<\/strong><br \/>Si hace uso del apartado contacto de nuestro sitio Web, a los efectos de solicitar informaci\u00f3n, o establecer una duda o reclamaci\u00f3n. Como paso previo al env\u00edo de la solicitud, ha de activar la casilla de aceptaci\u00f3n de pol\u00edtica de privacidad, sino lo hiciera la comunicaci\u00f3n no se podr\u00eda realizar, los campos solicitados son los m\u00ednimos para mantener los datos de contacto (nombre, empresa, direcci\u00f3n, poblaci\u00f3n, e-mail, tel\u00e9fono) ODYL S.A. no se hace responsable de las pr\u00e1cticas de privacidad o de seguridad de nuestros clientes, que puedan diferir de las establecidas en esta declaraci\u00f3n de privacidad. Medidas t\u00e9cnicas y organizativas de seguridad de sus datos personales En ODYL S.A. hemos adoptado las medidas t\u00e9cnicas y organizativas garantizadoras de un nivel de seguridad y confidencialidad suficiente para garantizar la privacidad de sus datos personales. Estas medidas est\u00e1n implantadas en base a los avances tecnol\u00f3gicos, sus costes de implementaci\u00f3n, la naturaleza de los datos y el riesgo del tratamiento. La finalidad de los sistemas es proteger sus datos personales de cualquier alteraci\u00f3n accidental o provocada, de accesos no consentidos, de su destrucci\u00f3n o perdida y otras posibles alteraciones indebidas de tratamiento.<br \/><br \/>En relaci\u00f3n a medidas organizativas solo recabamos aquellos datos personales necesarios, adecuados y pertinentes para los fines propuestos.<br \/><br \/><strong>5. VARIOS<\/strong><\/div>\n<div class=\"col-12\"><br \/><strong>A &#8211; ODYL, S.A<\/strong>. podr\u00e1 modificar, sin previo aviso, la informaci\u00f3n contenida en su sitio web, as\u00ed como su configuraci\u00f3n y presentaci\u00f3n.<br \/><br \/><strong>B &#8211; ODYL, S.A.<\/strong> se compromete a trav\u00e9s de este medio a NO REALIZAR PUBLICIDAD ENGA\u00d1OSA. A estos efectos, por lo tanto, no ser\u00e1n considerados como publicidad enga\u00f1osa los errores formales o num\u00e9ricos que puedan encontrarse a lo largo del contenido de las distintas secciones de la web de ODYL, S.A., producidos como consecuencia de un mantenimiento y\/o actualizaci\u00f3n incompleta o defectuosa de la informaci\u00f3n contenida es estas secciones. ODYL, S.A., como consecuencia de lo dispuesto en este apartado, se compromete a corregirlo tan pronto como tenga conocimiento de dichos errores.<br \/><br \/><strong>C &#8211; ODYL, S.A.<\/strong> se compromete a NO REMITIR COMUNICACIONES COMERCIALES SIN IDENTIFICARLAS COMO TALES, conforme a lo dispuesto en la Ley 34\/2002 de Servicios de la Sociedad de la Informaci\u00f3n y de comercio electr\u00f3nico. A estos efectos no ser\u00e1 considerado como comunicaci\u00f3n comercial toda la informaci\u00f3n que se env\u00ede A LOS CLIENTES de ODYL, S.A. siempre que tenga por finalidad el mantenimiento de la relaci\u00f3n contractual existente entre cliente y ODYL, S.A., as\u00ed como el desempe\u00f1o de las tareas de informaci\u00f3n, formaci\u00f3n y otras actividades propias del servicio que el cliente tiene contratado con la empresa.<br \/><br \/><strong>D &#8211; ODYL, S.A.<\/strong> no se hace responsable del incumplimiento de cualquier norma aplicable en que pueda incurrir el usuario en su acceso al sitio web www.odylsa.es y\/o en el uso de las informaciones contenidas en el mismo.<br \/><br \/><strong>E &#8211; ODYL, S.A.<\/strong> no ser\u00e1 responsable de los da\u00f1os y perjuicios producidos o que puedan producirse, cualquiera que sea su naturaleza, que se deriven del uso de la informaci\u00f3n, de las materias contenidas en este web site y de los programas que incorpora. Los enlaces (Links) e hipertexto que posibiliten, a trav\u00e9s del sitio web www.odylsa.es acceder al usuario a prestaciones y servicios ofrecidos por terceros, no pertenecen ni se encuentran bajo el control de ODYL, S.A.; dicha entidad no se hace responsable ni de la informaci\u00f3n contenida en los mismos ni de cualesquiera efectos que pudieran derivarse de dicha informaci\u00f3n.<br \/><br \/><strong>F &#8211; ODYL, S.A.<\/strong> no se hace responsable del uso ileg\u00edtimo que terceras personas puedan hacer de los nombres de marca, nombres de producto, marcas comerciales que, no siendo propiedad de dicha entidad, aparezcan en el Web-Site www.odylsa.es. Tampoco se responsabiliza de la integridad, veracidad y licitud del contenido de los enlaces a las webs a las que pueda accederse desde www.odylsa.es.<br \/><br \/><strong>G &#8211; ODYL, S.A.<\/strong> no se responsabiliza de los virus que tengan su origen en una transmisi\u00f3n telem\u00e1tica infiltrados por terceras partes (por ejemplo, los macros de procesadores de texto, los applets de Java y los programas Active X), generados con la finalidad de obtener resultados negativos para un sistema inform\u00e1tico.<br \/><br \/><strong>H &#8211;<\/strong> En definitiva, el Usuario es el \u00fanico responsable del uso que realice de los servicios, contenidos, enlaces (links) e hipertexto incluidos en el sitio web www.odylsa.es<\/div>\n<\/div>\n<\/div>\n<footer class=\"footer-gris\">\n<div class=\"container\">\n<div class=\"row\">\n<div class=\"col-12 col-sm-6 col-md-4 col-lg-3 mb-3\">\u00a0<\/div>\n<div class=\"col-12 col-sm-6 col-md-4 col-lg-3 mb-3 mt-md-3 mt-xl-5\">\n<div class=\"d-flex\">\u00a0<\/div>\n<\/div>\n<\/div>\n<\/div>\n<\/footer>\n<p>\u00a0<\/p>\t\t\t\t\t\t\t\t<\/div>\n\t\t\t\t<\/div>\n\t\t\t\t\t<\/div>\n\t\t\t\t<\/div>\n\t\t\t\t<\/div>\n\t\t","protected":false},"excerpt":{"rendered":"<p>1. DADES DE L&#8217;EMPRESA En compliment de larticle 10 de la Llei 34\/2002, de 11 de juliol, de Serveis de la Societat de la Informaci\u00f3 i Comer\u00e7 Electr\u00f2nic, a continuaci\u00f3 sexposen les dades identificatives de lempresa.NOM: www.odylsa.esDENOMINACI\u00d3 SOCIAL: ODYL, S.A.NIF\/CIF: A-08264053DOMICILI SOCIAL: P.I. Can Bernades-Subir\u00e0 , c\/ Maresme, 19 \u2013 08130 Santa Perp\u00e8tua de MogodaTEL\u00c8FON: [&hellip;]<\/p>\n","protected":false},"author":1,"featured_media":0,"parent":0,"menu_order":0,"comment_status":"closed","ping_status":"closed","template":"","meta":{"_acf_changed":false,"footnotes":""},"class_list":["post-120","page","type-page","status-publish","hentry"],"acf":[],"yoast_head":"<!-- This site is optimized with the Yoast SEO plugin v27.1.1 - https:\/\/yoast.com\/product\/yoast-seo-wordpress\/ -->\n<title>Av\u00eds Legal - Odylsa<\/title>\n<meta name=\"robots\" content=\"index, follow, max-snippet:-1, max-image-preview:large, max-video-preview:-1\" \/>\n<link rel=\"canonical\" href=\"https:\/\/www.odylsa.es\/ca\/avis-legal\/\" \/>\n<meta property=\"og:locale\" content=\"ca_ES\" \/>\n<meta property=\"og:type\" content=\"article\" \/>\n<meta property=\"og:title\" content=\"Av\u00eds Legal - Odylsa\" \/>\n<meta property=\"og:description\" content=\"1. DADES DE L&#8217;EMPRESA En compliment de larticle 10 de la Llei 34\/2002, de 11 de juliol, de Serveis de la Societat de la Informaci\u00f3 i Comer\u00e7 Electr\u00f2nic, a continuaci\u00f3 sexposen les dades identificatives de lempresa.NOM: www.odylsa.esDENOMINACI\u00d3 SOCIAL: ODYL, S.A.NIF\/CIF: A-08264053DOMICILI SOCIAL: P.I. Can Bernades-Subir\u00e0 , c\/ Maresme, 19 \u2013 08130 Santa Perp\u00e8tua de MogodaTEL\u00c8FON: [&hellip;]\" \/>\n<meta property=\"og:url\" content=\"https:\/\/www.odylsa.es\/ca\/avis-legal\/\" \/>\n<meta property=\"og:site_name\" content=\"Odylsa\" \/>\n<meta property=\"article:modified_time\" content=\"2024-10-01T19:20:50+00:00\" \/>\n<meta name=\"twitter:card\" content=\"summary_large_image\" \/>\n<meta name=\"twitter:label1\" content=\"Temps estimat de lectura\" \/>\n\t<meta name=\"twitter:data1\" content=\"8 minuts\" \/>\n<script type=\"application\/ld+json\" class=\"yoast-schema-graph\">{\"@context\":\"https:\/\/schema.org\",\"@graph\":[{\"@type\":\"WebPage\",\"@id\":\"https:\/\/www.odylsa.es\/ca\/avis-legal\/\",\"url\":\"https:\/\/www.odylsa.es\/ca\/avis-legal\/\",\"name\":\"Av\u00eds Legal - Odylsa\",\"isPartOf\":{\"@id\":\"https:\/\/www.odylsa.es\/#website\"},\"datePublished\":\"2024-09-23T18:22:02+00:00\",\"dateModified\":\"2024-10-01T19:20:50+00:00\",\"breadcrumb\":{\"@id\":\"https:\/\/www.odylsa.es\/ca\/avis-legal\/#breadcrumb\"},\"inLanguage\":\"ca\",\"potentialAction\":[{\"@type\":\"ReadAction\",\"target\":[\"https:\/\/www.odylsa.es\/ca\/avis-legal\/\"]}]},{\"@type\":\"BreadcrumbList\",\"@id\":\"https:\/\/www.odylsa.es\/ca\/avis-legal\/#breadcrumb\",\"itemListElement\":[{\"@type\":\"ListItem\",\"position\":1,\"name\":\"Portada\",\"item\":\"https:\/\/www.odylsa.es\/ca\/\"},{\"@type\":\"ListItem\",\"position\":2,\"name\":\"Av\u00eds Legal\"}]},{\"@type\":\"WebSite\",\"@id\":\"https:\/\/www.odylsa.es\/#website\",\"url\":\"https:\/\/www.odylsa.es\/\",\"name\":\"Odylsa\",\"description\":\"\",\"publisher\":{\"@id\":\"https:\/\/www.odylsa.es\/#organization\"},\"potentialAction\":[{\"@type\":\"SearchAction\",\"target\":{\"@type\":\"EntryPoint\",\"urlTemplate\":\"https:\/\/www.odylsa.es\/?s={search_term_string}\"},\"query-input\":{\"@type\":\"PropertyValueSpecification\",\"valueRequired\":true,\"valueName\":\"search_term_string\"}}],\"inLanguage\":\"ca\"},{\"@type\":\"Organization\",\"@id\":\"https:\/\/www.odylsa.es\/#organization\",\"name\":\"Odylsa\",\"url\":\"https:\/\/www.odylsa.es\/\",\"logo\":{\"@type\":\"ImageObject\",\"inLanguage\":\"ca\",\"@id\":\"https:\/\/www.odylsa.es\/#\/schema\/logo\/image\/\",\"url\":\"https:\/\/www.odylsa.es\/wp-content\/uploads\/2024\/09\/LOGO_ODYLSA-1.svg\",\"contentUrl\":\"https:\/\/www.odylsa.es\/wp-content\/uploads\/2024\/09\/LOGO_ODYLSA-1.svg\",\"width\":179,\"height\":89,\"caption\":\"Odylsa\"},\"image\":{\"@id\":\"https:\/\/www.odylsa.es\/#\/schema\/logo\/image\/\"}}]}<\/script>\n<!-- \/ Yoast SEO plugin. -->","yoast_head_json":{"title":"Av\u00eds Legal - Odylsa","robots":{"index":"index","follow":"follow","max-snippet":"max-snippet:-1","max-image-preview":"max-image-preview:large","max-video-preview":"max-video-preview:-1"},"canonical":"https:\/\/www.odylsa.es\/ca\/avis-legal\/","og_locale":"ca_ES","og_type":"article","og_title":"Av\u00eds Legal - Odylsa","og_description":"1. DADES DE L&#8217;EMPRESA En compliment de larticle 10 de la Llei 34\/2002, de 11 de juliol, de Serveis de la Societat de la Informaci\u00f3 i Comer\u00e7 Electr\u00f2nic, a continuaci\u00f3 sexposen les dades identificatives de lempresa.NOM: www.odylsa.esDENOMINACI\u00d3 SOCIAL: ODYL, S.A.NIF\/CIF: A-08264053DOMICILI SOCIAL: P.I. Can Bernades-Subir\u00e0 , c\/ Maresme, 19 \u2013 08130 Santa Perp\u00e8tua de MogodaTEL\u00c8FON: [&hellip;]","og_url":"https:\/\/www.odylsa.es\/ca\/avis-legal\/","og_site_name":"Odylsa","article_modified_time":"2024-10-01T19:20:50+00:00","twitter_card":"summary_large_image","twitter_misc":{"Temps estimat de lectura":"8 minuts"},"schema":{"@context":"https:\/\/schema.org","@graph":[{"@type":"WebPage","@id":"https:\/\/www.odylsa.es\/ca\/avis-legal\/","url":"https:\/\/www.odylsa.es\/ca\/avis-legal\/","name":"Av\u00eds Legal - Odylsa","isPartOf":{"@id":"https:\/\/www.odylsa.es\/#website"},"datePublished":"2024-09-23T18:22:02+00:00","dateModified":"2024-10-01T19:20:50+00:00","breadcrumb":{"@id":"https:\/\/www.odylsa.es\/ca\/avis-legal\/#breadcrumb"},"inLanguage":"ca","potentialAction":[{"@type":"ReadAction","target":["https:\/\/www.odylsa.es\/ca\/avis-legal\/"]}]},{"@type":"BreadcrumbList","@id":"https:\/\/www.odylsa.es\/ca\/avis-legal\/#breadcrumb","itemListElement":[{"@type":"ListItem","position":1,"name":"Portada","item":"https:\/\/www.odylsa.es\/ca\/"},{"@type":"ListItem","position":2,"name":"Av\u00eds Legal"}]},{"@type":"WebSite","@id":"https:\/\/www.odylsa.es\/#website","url":"https:\/\/www.odylsa.es\/","name":"Odylsa","description":"","publisher":{"@id":"https:\/\/www.odylsa.es\/#organization"},"potentialAction":[{"@type":"SearchAction","target":{"@type":"EntryPoint","urlTemplate":"https:\/\/www.odylsa.es\/?s={search_term_string}"},"query-input":{"@type":"PropertyValueSpecification","valueRequired":true,"valueName":"search_term_string"}}],"inLanguage":"ca"},{"@type":"Organization","@id":"https:\/\/www.odylsa.es\/#organization","name":"Odylsa","url":"https:\/\/www.odylsa.es\/","logo":{"@type":"ImageObject","inLanguage":"ca","@id":"https:\/\/www.odylsa.es\/#\/schema\/logo\/image\/","url":"https:\/\/www.odylsa.es\/wp-content\/uploads\/2024\/09\/LOGO_ODYLSA-1.svg","contentUrl":"https:\/\/www.odylsa.es\/wp-content\/uploads\/2024\/09\/LOGO_ODYLSA-1.svg","width":179,"height":89,"caption":"Odylsa"},"image":{"@id":"https:\/\/www.odylsa.es\/#\/schema\/logo\/image\/"}}]}},"_links":{"self":[{"href":"https:\/\/www.odylsa.es\/ca\/wp-json\/wp\/v2\/pages\/120","targetHints":{"allow":["GET"]}}],"collection":[{"href":"https:\/\/www.odylsa.es\/ca\/wp-json\/wp\/v2\/pages"}],"about":[{"href":"https:\/\/www.odylsa.es\/ca\/wp-json\/wp\/v2\/types\/page"}],"author":[{"embeddable":true,"href":"https:\/\/www.odylsa.es\/ca\/wp-json\/wp\/v2\/users\/1"}],"replies":[{"embeddable":true,"href":"https:\/\/www.odylsa.es\/ca\/wp-json\/wp\/v2\/comments?post=120"}],"version-history":[{"count":23,"href":"https:\/\/www.odylsa.es\/ca\/wp-json\/wp\/v2\/pages\/120\/revisions"}],"predecessor-version":[{"id":3268,"href":"https:\/\/www.odylsa.es\/ca\/wp-json\/wp\/v2\/pages\/120\/revisions\/3268"}],"wp:attachment":[{"href":"https:\/\/www.odylsa.es\/ca\/wp-json\/wp\/v2\/media?parent=120"}],"curies":[{"name":"wp","href":"https:\/\/api.w.org\/{rel}","templated":true}]}}